{"id":208,"date":"2013-03-08T17:31:37","date_gmt":"2013-03-08T17:31:37","guid":{"rendered":"http:\/\/79.170.44.120\/walesnationalairshow.com\/?page_id=208"},"modified":"2026-01-22T16:23:05","modified_gmt":"2026-01-22T16:23:05","slug":"teithio-a-pharcio","status":"publish","type":"page","link":"https:\/\/www.walesnationalairshow.com\/cy\/gwybodaeth-i-ymwelwyr\/teithio-a-pharcio\/","title":{"rendered":"Teithio"},"content":{"rendered":"\n<h2 class=\"wp-block-heading\">SUT I GYRRAEDD<\/h2>\n\n\n\n<p><strong>Cyrraedd yma mewn car<\/strong><br>Dilynwch arwyddion y digwyddiad yn Abertawe a dilynwch yr arwyddion meysydd parcio\/parcio a theithio priodol. Mae&#8217;r brif ardal arddangos ar hyd Prom Abertawe rhwng y senotaff a&#8217;r Ganolfan Ddinesig.<\/p>\n\n\n\n<p><strong>O&#8217;r M4 (Caerdydd)<\/strong><br>Gadewch yr M4 wrth Gyffordd 42 a dilynwch yr A483 i Abertawe.<\/p>\n\n\n\n<p><strong>O&#8217;r M4 (Caerfyrddin)<\/strong><br>Gadewch yr M4 wrth Gyffordd 47 a dilynwch yr arwyddion ar gyfer Abertawe ar yr A483.<\/p>\n\n\n\n<hr class=\"wp-block-separator has-css-opacity\"\/>\n\n\n\n<h2 class=\"wp-block-heading\">PARCIO<\/h2>\n\n\n\n<p>Bydd nifer o feysydd parcio a pharcio a theithio ar gael dros y penwythnos. Ewch i&#8217;r <a href=\"https:\/\/www.walesnationalairshow.com\/cy\/airshow-news-cy\/parcio\/\" target=\"_blank\" rel=\"noopener noreferrer\">dudalen barcio<\/a> i gael gwybodaeth lawn, mapiau defnyddiol ac i gadw lle ymlaen llaw ar-lein.<\/p>\n\n\n\n<hr class=\"wp-block-separator has-css-opacity\"\/>\n\n\n\n<h2 class=\"wp-block-heading\">CAU FFYRDD<\/h2>\n\n\n\n<p>Bydd nifer o ffyrdd ar gau a dargyfeiriadau ar waith dros y penwythnos er mwyn sicrhau diogelwch, diogeledd a mwynhad y rhai sy&#8217;n mynd i&#8217;r digwyddiad. <a href=\"https:\/\/www.walesnationalairshow.com\/cy\/press-releases-cy\/ffyrdd-ar-gau\/\" target=\"_blank\" rel=\"noopener noreferrer\">Mae gwybodaeth am ddargyfeiriadau a&#8217;r holl ffyrdd a fydd ar gau<\/a> ar gael yma.<\/p>\n\n\n\n<hr class=\"wp-block-separator has-css-opacity\"\/>\n\n\n\n<h2 class=\"wp-block-heading\">RHANNU CAR<\/h2>\n\n\n\n<p>Os ydych yn teithio mewn car, rhannwch gar os oes modd. Bydd rhannu car yn eich helpu i arbed arian drwy rannu&#8217;r costau ac yn lleihau faint o draffig sydd ar y ffordd, gan helpu&#8217;r amgylchedd<\/p>\n\n\n\n<hr class=\"wp-block-separator has-css-opacity\"\/>\n\n\n\n<h2 class=\"wp-block-heading\">CYRRAEDD YMA MEWN TR\u00caN<\/h2>\n\n\n\n<p>Yr orsaf drenau agosaf yw Abertawe Ganolog ar y Stryd Fawr sydd tua 2 filltir i ffwrdd. Mae safle tacsis y tu allan i&#8217;r orsaf. Os ydych yn teithio ar dr\u00ean, gwnewch yn si\u0175r eich bod yn gadael hanner awr i gyrraedd y tr\u00ean o safle&#8217;r digwyddiad. Dylai&#8217;r rheiny sy&#8217;n mynd i&#8217;r sioe gofio amserau&#8217;r digwyddiad, ac fe&#8217;u cynghorir i wirio gyda&#8217;r gweithredwr,<a href=\"https:\/\/www.traveline.cymru\/\"> www.traveline.cymru<\/a>.<\/p>\n\n\n\n<p><strong>Ff\u00f4n:<\/strong> 03333 211 202<\/p>\n\n\n\n<hr class=\"wp-block-separator has-css-opacity\"\/>\n\n\n\n<h2 class=\"wp-block-heading\">BYSUS LLEOL<\/h2>\n\n\n\n<p><a href=\"https:\/\/www.firstbus.co.uk\/south-west-wales\/news-and-service-updates\/updates\/wales-airshow-2022\" target=\"_blank\" rel=\"noreferrer noopener\">Gwiriwch gyda&#8217;ch gweithredwr bysus am fanylion amserlenni bysus oherwydd gall y ffaith fod rhai ffyrdd wedi&#8217;u cau effeithio ar y mannau lle mae bysus yn codi\/gollwng teithwyr.<\/a> Am wybodaeth neu ymholiadau am wasanaethau unigol, cysylltwch \u00e2 <a aria-label=\"First Cymru'n uniongyrchol. (opens in a new tab)\" href=\"https:\/\/www.firstgroup.com\/south-west-wales\/news-and-service-updates\/current-issues\/wales-airshow-swansea-5-7-july\" target=\"_blank\" rel=\"noreferrer noopener\">First Cymru&#8217;n uniongyrchol.<\/a><br><strong>Gwasanaethau Cwsmeriaid:&nbsp;<\/strong>01792 572 255, 8am \u2013 8pm&nbsp;bob dydd<br><strong>Traveline:&nbsp;<\/strong>0800 4640000 (AM DDIM) 7am \u2013 8pm bob dydd<\/p>\n\n\n\n<p>Efallai bydd gwasanaethau arferol yn cael eu hoedi oherwydd traffig trwm a&#8217;r rhaglen cau ffyrdd a fydd ar waith. <a href=\"https:\/\/www.firstbus.co.uk\/south-west-wales\/news-and-service-updates\/updates\/wales-airshow-2024-swansea-5th-july-7th-july-2024\">Mwy o wybodaeth.<\/a><\/p>\n\n\n\n<hr class=\"wp-block-separator has-css-opacity\"\/>\n\n\n\n<h2 class=\"wp-block-heading\">PARCIO COETSIS<\/h2>\n\n\n\n<p>Gellir gollwng pobl ger y Ganolfan Ddinesig (Neuadd y Sir) wrth un o&#8217;r safleoedd bysus yna rhaid symud y cerbyd i&#8217;r safle parcio coetsis yn safle Parcio a Theithio Fabian Way (bydd mannau parcio coetsis dynodedig ar gael). Mae\u2019n \u00a310 i barcio coets am y diwrnod yn safle Fabian Way.<br>Mae Safle Parcio a Theithio Ffordd Fabian ger yr A483, tua 1.5 milltir i&#8217;r gogledd o ganol y ddinas.<br><strong>Cyfeiriad<\/strong>: Safle Parcio a Theithio Fabian Way, Fabian Way, Abertawe SA1 8LD<\/p>\n\n\n\n<hr class=\"wp-block-separator has-css-opacity\"\/>\n\n\n\n<p><strong>Am fwy o wybodaeth, ewch i <\/strong><a href=\"http:\/\/www.traveline-cymru.info\/\"><strong>wefan Traveline Cymru<\/strong><\/a>&nbsp;<strong>neu ffoniwch 0871 200 2233 am help i drefnu teithiau bws, coets neu dr\u00ean.<\/strong><\/p>\n\n\n\n<hr class=\"wp-block-separator has-css-opacity\"\/>\n\n\n\n<h2 class=\"wp-block-heading\">CERDDED A BEICIO<\/h2>\n\n\n\n<p>Anogir pobl leol i gerdded neu feicio i&#8217;r sioe awyr os oes modd. &nbsp;Bydd llwybrau beicio ar agor ac eithrio o Brom Abertawe rhwng y Mariott a L\u00f4n Sgeti. Bydd y Prom yn brysur iawn o gwmpas yr ardal arddangos ar y ddaear yn San Helen a phob prynhawn yn ystod yr arddangosiadau awyr, felly defnyddiwch y llwybr beicio ar ochr arall y ffordd.<\/p>\n\n\n\n<hr class=\"wp-block-separator has-css-opacity\"\/>\n\n\n\n<h2 class=\"wp-block-heading\">LLEOEDD I AROS<\/h2>\n\n\n\n<p>I gael rhestr o leoedd gwych i aros, ewch i&#8217;n chwaer wefan, <a href=\"http:\/\/www.visitswanseabay.com\/\">www.croesobaeabertawe.com<\/a>. Defnyddiwch ei rhestr defnyddiol o westai, gwestai gwely a brecwast a mwy er mwyn trefnu lle i aros. Hefyd, cofiwch wirio&#8217;r cynigion argaeledd hwyr yn rheolaidd i gael y bargeinion munud olaf gorau. <a href=\"https:\/\/www.walesnationalairshow.com\/cy\/gwybodaeth-i-ymwelwyr\/visitor-information\/\" target=\"_blank\" rel=\"noopener noreferrer\">Mwy o wybodaeth.<\/a><\/p>\n","protected":false},"excerpt":{"rendered":"<p>SUT I GYRRAEDD Cyrraedd yma mewn carDilynwch arwyddion y digwyddiad yn Abertawe a dilynwch yr arwyddion meysydd parcio\/parcio a theithio priodol. Mae&#8217;r brif ardal arddangos ar hyd Prom Abertawe rhwng y senotaff a&#8217;r Ganolfan Ddinesig. O&#8217;r M4 (Caerdydd)Gadewch yr M4 wrth Gyffordd 42 a dilynwch yr A483 i Abertawe. O&#8217;r M4 (Caerfyrddin)Gadewch yr M4 wrth [&hellip;]<\/p>\n","protected":false},"author":9,"featured_media":8429,"parent":5827,"menu_order":0,"comment_status":"closed","ping_status":"closed","template":"","meta":{"_monsterinsights_skip_tracking":false,"_monsterinsights_sitenote_active":false,"_monsterinsights_sitenote_note":"","_monsterinsights_sitenote_category":0,"_genesis_hide_title":false,"_genesis_hide_breadcrumbs":false,"_genesis_hide_singular_image":false,"_genesis_hide_footer_widgets":false,"_genesis_custom_body_class":"","_genesis_custom_post_class":"","_genesis_layout":"","footnotes":""},"class_list":{"0":"post-208","1":"page","2":"type-page","3":"status-publish","4":"has-post-thumbnail","6":"entry"},"yoast_head":"<!-- This site is optimized with the Yoast SEO plugin v25.3.1 - https:\/\/yoast.com\/wordpress\/plugins\/seo\/ -->\n<title>Teithio - Wales Airshow<\/title>\n<meta name=\"robots\" content=\"index, follow, max-snippet:-1, max-image-preview:large, max-video-preview:-1\" \/>\n<link rel=\"canonical\" href=\"https:\/\/www.walesnationalairshow.com\/cy\/gwybodaeth-i-ymwelwyr\/teithio-a-pharcio\/\" \/>\n<meta property=\"og:locale\" content=\"en_US\" \/>\n<meta property=\"og:type\" content=\"article\" \/>\n<meta property=\"og:title\" content=\"Teithio - Wales Airshow\" \/>\n<meta property=\"og:description\" content=\"SUT I GYRRAEDD Cyrraedd yma mewn carDilynwch arwyddion y digwyddiad yn Abertawe a dilynwch yr arwyddion meysydd parcio\/parcio a theithio priodol. Mae&#8217;r brif ardal arddangos ar hyd Prom Abertawe rhwng y senotaff a&#8217;r Ganolfan Ddinesig. O&#8217;r M4 (Caerdydd)Gadewch yr M4 wrth Gyffordd 42 a dilynwch yr A483 i Abertawe. O&#8217;r M4 (Caerfyrddin)Gadewch yr M4 wrth [&hellip;]\" \/>\n<meta property=\"og:url\" content=\"https:\/\/www.walesnationalairshow.com\/cy\/gwybodaeth-i-ymwelwyr\/teithio-a-pharcio\/\" \/>\n<meta property=\"og:site_name\" content=\"Wales Airshow\" \/>\n<meta property=\"article:publisher\" content=\"https:\/\/www.facebook.com\/WalesNationalAirShow\/\" \/>\n<meta property=\"article:modified_time\" content=\"2026-01-22T16:23:05+00:00\" \/>\n<meta property=\"og:image\" content=\"https:\/\/www.walesnationalairshow.com\/wp-content\/uploads\/2019\/05\/Packed-beach-web.jpg\" \/>\n\t<meta property=\"og:image:width\" content=\"1500\" \/>\n\t<meta property=\"og:image:height\" content=\"655\" \/>\n\t<meta property=\"og:image:type\" content=\"image\/jpeg\" \/>\n<meta name=\"twitter:label1\" content=\"Est. reading time\" \/>\n\t<meta name=\"twitter:data1\" content=\"3 munud\" \/>\n<script type=\"application\/ld+json\" class=\"yoast-schema-graph\">{\"@context\":\"https:\/\/schema.org\",\"@graph\":[{\"@type\":\"WebPage\",\"@id\":\"https:\/\/www.walesnationalairshow.com\/cy\/gwybodaeth-i-ymwelwyr\/teithio-a-pharcio\/\",\"url\":\"https:\/\/www.walesnationalairshow.com\/cy\/gwybodaeth-i-ymwelwyr\/teithio-a-pharcio\/\",\"name\":\"Teithio - Wales Airshow\",\"isPartOf\":{\"@id\":\"https:\/\/www.walesnationalairshow.com\/#website\"},\"primaryImageOfPage\":{\"@id\":\"https:\/\/www.walesnationalairshow.com\/cy\/gwybodaeth-i-ymwelwyr\/teithio-a-pharcio\/#primaryimage\"},\"image\":{\"@id\":\"https:\/\/www.walesnationalairshow.com\/cy\/gwybodaeth-i-ymwelwyr\/teithio-a-pharcio\/#primaryimage\"},\"thumbnailUrl\":\"https:\/\/www.walesnationalairshow.com\/wp-content\/uploads\/2019\/05\/Packed-beach-web.jpg\",\"datePublished\":\"2013-03-08T17:31:37+00:00\",\"dateModified\":\"2026-01-22T16:23:05+00:00\",\"breadcrumb\":{\"@id\":\"https:\/\/www.walesnationalairshow.com\/cy\/gwybodaeth-i-ymwelwyr\/teithio-a-pharcio\/#breadcrumb\"},\"inLanguage\":\"cy\",\"potentialAction\":[{\"@type\":\"ReadAction\",\"target\":[\"https:\/\/www.walesnationalairshow.com\/cy\/gwybodaeth-i-ymwelwyr\/teithio-a-pharcio\/\"]}]},{\"@type\":\"ImageObject\",\"inLanguage\":\"cy\",\"@id\":\"https:\/\/www.walesnationalairshow.com\/cy\/gwybodaeth-i-ymwelwyr\/teithio-a-pharcio\/#primaryimage\",\"url\":\"https:\/\/www.walesnationalairshow.com\/wp-content\/uploads\/2019\/05\/Packed-beach-web.jpg\",\"contentUrl\":\"https:\/\/www.walesnationalairshow.com\/wp-content\/uploads\/2019\/05\/Packed-beach-web.jpg\",\"width\":1500,\"height\":655},{\"@type\":\"BreadcrumbList\",\"@id\":\"https:\/\/www.walesnationalairshow.com\/cy\/gwybodaeth-i-ymwelwyr\/teithio-a-pharcio\/#breadcrumb\",\"itemListElement\":[{\"@type\":\"ListItem\",\"position\":1,\"name\":\"Home\",\"item\":\"https:\/\/www.walesnationalairshow.com\/\"},{\"@type\":\"ListItem\",\"position\":2,\"name\":\"Cynlluniwch eich ymweliad\",\"item\":\"https:\/\/www.walesnationalairshow.com\/information\/\"},{\"@type\":\"ListItem\",\"position\":3,\"name\":\"Teithio\"}]},{\"@type\":\"WebSite\",\"@id\":\"https:\/\/www.walesnationalairshow.com\/#website\",\"url\":\"https:\/\/www.walesnationalairshow.com\/\",\"name\":\"Wales Airshow\",\"description\":\"Taking to the skies over Swansea Bay on 25 and 26 July 2026\",\"potentialAction\":[{\"@type\":\"SearchAction\",\"target\":{\"@type\":\"EntryPoint\",\"urlTemplate\":\"https:\/\/www.walesnationalairshow.com\/?s={search_term_string}\"},\"query-input\":{\"@type\":\"PropertyValueSpecification\",\"valueRequired\":true,\"valueName\":\"search_term_string\"}}],\"inLanguage\":\"cy\"}]}<\/script>\n<!-- \/ Yoast SEO plugin. -->","yoast_head_json":{"title":"Teithio - Wales Airshow","robots":{"index":"index","follow":"follow","max-snippet":"max-snippet:-1","max-image-preview":"max-image-preview:large","max-video-preview":"max-video-preview:-1"},"canonical":"https:\/\/www.walesnationalairshow.com\/cy\/gwybodaeth-i-ymwelwyr\/teithio-a-pharcio\/","og_locale":"en_US","og_type":"article","og_title":"Teithio - Wales Airshow","og_description":"SUT I GYRRAEDD Cyrraedd yma mewn carDilynwch arwyddion y digwyddiad yn Abertawe a dilynwch yr arwyddion meysydd parcio\/parcio a theithio priodol. Mae&#8217;r brif ardal arddangos ar hyd Prom Abertawe rhwng y senotaff a&#8217;r Ganolfan Ddinesig. O&#8217;r M4 (Caerdydd)Gadewch yr M4 wrth Gyffordd 42 a dilynwch yr A483 i Abertawe. O&#8217;r M4 (Caerfyrddin)Gadewch yr M4 wrth [&hellip;]","og_url":"https:\/\/www.walesnationalairshow.com\/cy\/gwybodaeth-i-ymwelwyr\/teithio-a-pharcio\/","og_site_name":"Wales Airshow","article_publisher":"https:\/\/www.facebook.com\/WalesNationalAirShow\/","article_modified_time":"2026-01-22T16:23:05+00:00","og_image":[{"width":1500,"height":655,"url":"https:\/\/www.walesnationalairshow.com\/wp-content\/uploads\/2019\/05\/Packed-beach-web.jpg","type":"image\/jpeg"}],"twitter_misc":{"Est. reading time":"3 munud"},"schema":{"@context":"https:\/\/schema.org","@graph":[{"@type":"WebPage","@id":"https:\/\/www.walesnationalairshow.com\/cy\/gwybodaeth-i-ymwelwyr\/teithio-a-pharcio\/","url":"https:\/\/www.walesnationalairshow.com\/cy\/gwybodaeth-i-ymwelwyr\/teithio-a-pharcio\/","name":"Teithio - Wales Airshow","isPartOf":{"@id":"https:\/\/www.walesnationalairshow.com\/#website"},"primaryImageOfPage":{"@id":"https:\/\/www.walesnationalairshow.com\/cy\/gwybodaeth-i-ymwelwyr\/teithio-a-pharcio\/#primaryimage"},"image":{"@id":"https:\/\/www.walesnationalairshow.com\/cy\/gwybodaeth-i-ymwelwyr\/teithio-a-pharcio\/#primaryimage"},"thumbnailUrl":"https:\/\/www.walesnationalairshow.com\/wp-content\/uploads\/2019\/05\/Packed-beach-web.jpg","datePublished":"2013-03-08T17:31:37+00:00","dateModified":"2026-01-22T16:23:05+00:00","breadcrumb":{"@id":"https:\/\/www.walesnationalairshow.com\/cy\/gwybodaeth-i-ymwelwyr\/teithio-a-pharcio\/#breadcrumb"},"inLanguage":"cy","potentialAction":[{"@type":"ReadAction","target":["https:\/\/www.walesnationalairshow.com\/cy\/gwybodaeth-i-ymwelwyr\/teithio-a-pharcio\/"]}]},{"@type":"ImageObject","inLanguage":"cy","@id":"https:\/\/www.walesnationalairshow.com\/cy\/gwybodaeth-i-ymwelwyr\/teithio-a-pharcio\/#primaryimage","url":"https:\/\/www.walesnationalairshow.com\/wp-content\/uploads\/2019\/05\/Packed-beach-web.jpg","contentUrl":"https:\/\/www.walesnationalairshow.com\/wp-content\/uploads\/2019\/05\/Packed-beach-web.jpg","width":1500,"height":655},{"@type":"BreadcrumbList","@id":"https:\/\/www.walesnationalairshow.com\/cy\/gwybodaeth-i-ymwelwyr\/teithio-a-pharcio\/#breadcrumb","itemListElement":[{"@type":"ListItem","position":1,"name":"Home","item":"https:\/\/www.walesnationalairshow.com\/"},{"@type":"ListItem","position":2,"name":"Cynlluniwch eich ymweliad","item":"https:\/\/www.walesnationalairshow.com\/information\/"},{"@type":"ListItem","position":3,"name":"Teithio"}]},{"@type":"WebSite","@id":"https:\/\/www.walesnationalairshow.com\/#website","url":"https:\/\/www.walesnationalairshow.com\/","name":"Wales Airshow","description":"Taking to the skies over Swansea Bay on 25 and 26 July 2026","potentialAction":[{"@type":"SearchAction","target":{"@type":"EntryPoint","urlTemplate":"https:\/\/www.walesnationalairshow.com\/?s={search_term_string}"},"query-input":{"@type":"PropertyValueSpecification","valueRequired":true,"valueName":"search_term_string"}}],"inLanguage":"cy"}]}},"_links":{"self":[{"href":"https:\/\/www.walesnationalairshow.com\/cy\/wp-json\/wp\/v2\/pages\/208","targetHints":{"allow":["GET"]}}],"collection":[{"href":"https:\/\/www.walesnationalairshow.com\/cy\/wp-json\/wp\/v2\/pages"}],"about":[{"href":"https:\/\/www.walesnationalairshow.com\/cy\/wp-json\/wp\/v2\/types\/page"}],"author":[{"embeddable":true,"href":"https:\/\/www.walesnationalairshow.com\/cy\/wp-json\/wp\/v2\/users\/9"}],"replies":[{"embeddable":true,"href":"https:\/\/www.walesnationalairshow.com\/cy\/wp-json\/wp\/v2\/comments?post=208"}],"version-history":[{"count":41,"href":"https:\/\/www.walesnationalairshow.com\/cy\/wp-json\/wp\/v2\/pages\/208\/revisions"}],"predecessor-version":[{"id":11847,"href":"https:\/\/www.walesnationalairshow.com\/cy\/wp-json\/wp\/v2\/pages\/208\/revisions\/11847"}],"up":[{"embeddable":true,"href":"https:\/\/www.walesnationalairshow.com\/cy\/wp-json\/wp\/v2\/pages\/5827"}],"wp:featuredmedia":[{"embeddable":true,"href":"https:\/\/www.walesnationalairshow.com\/cy\/wp-json\/wp\/v2\/media\/8429"}],"wp:attachment":[{"href":"https:\/\/www.walesnationalairshow.com\/cy\/wp-json\/wp\/v2\/media?parent=208"}],"curies":[{"name":"wp","href":"https:\/\/api.w.org\/{rel}","templated":true}]}}